{"id":14,"date":"2021-03-08T21:06:58","date_gmt":"2021-03-08T21:06:58","guid":{"rendered":"https:\/\/www.kita-dammbach.de\/?page_id=14"},"modified":"2024-08-30T09:09:14","modified_gmt":"2024-08-30T09:09:14","slug":"ueber-uns","status":"publish","type":"page","link":"https:\/\/www.kita-dammbach.de\/","title":{"rendered":"\u00dcber uns"},"content":{"rendered":"\n<figure class=\"wp-block-gallery columns-3 is-cropped _images wp-block-gallery-1 is-layout-flex wp-block-gallery-is-layout-flex\"><ul class=\"blocks-gallery-grid\"><li class=\"blocks-gallery-item\"><figure><img loading=\"lazy\" decoding=\"async\" width=\"1024\" height=\"768\" src=\"https:\/\/www.kita-dammbach.de\/wp-content\/uploads\/2022\/06\/Aussengela\u0308nde-3-1024x768.jpeg\" alt=\"\" data-id=\"410\" data-full-url=\"https:\/\/www.kita-dammbach.de\/wp-content\/uploads\/2022\/06\/Aussengela\u0308nde-3-scaled.jpeg\" data-link=\"https:\/\/www.kita-dammbach.de\/aussengela%cc%88nde-3\/\" class=\"wp-image-410\" srcset=\"https:\/\/www.kita-dammbach.de\/wp-content\/uploads\/2022\/06\/Aussengela\u0308nde-3-1024x768.jpeg 1024w, https:\/\/www.kita-dammbach.de\/wp-content\/uploads\/2022\/06\/Aussengela\u0308nde-3-300x225.jpeg 300w, https:\/\/www.kita-dammbach.de\/wp-content\/uploads\/2022\/06\/Aussengela\u0308nde-3-768x576.jpeg 768w, https:\/\/www.kita-dammbach.de\/wp-content\/uploads\/2022\/06\/Aussengela\u0308nde-3-1536x1152.jpeg 1536w, https:\/\/www.kita-dammbach.de\/wp-content\/uploads\/2022\/06\/Aussengela\u0308nde-3-2048x1536.jpeg 2048w, https:\/\/www.kita-dammbach.de\/wp-content\/uploads\/2022\/06\/Aussengela\u0308nde-3-600x450.jpeg 600w\" sizes=\"auto, (max-width: 1024px) 100vw, 1024px\" \/><\/figure><\/li><li class=\"blocks-gallery-item\"><figure><img loading=\"lazy\" decoding=\"async\" width=\"768\" height=\"1024\" src=\"https:\/\/www.kita-dammbach.de\/wp-content\/uploads\/2022\/06\/Aussengela\u0308nde-768x1024.jpeg\" alt=\"\" data-id=\"411\" data-full-url=\"https:\/\/www.kita-dammbach.de\/wp-content\/uploads\/2022\/06\/Aussengela\u0308nde-scaled.jpeg\" data-link=\"https:\/\/www.kita-dammbach.de\/aussengela%cc%88nde\/\" class=\"wp-image-411\" srcset=\"https:\/\/www.kita-dammbach.de\/wp-content\/uploads\/2022\/06\/Aussengela\u0308nde-768x1024.jpeg 768w, https:\/\/www.kita-dammbach.de\/wp-content\/uploads\/2022\/06\/Aussengela\u0308nde-225x300.jpeg 225w, https:\/\/www.kita-dammbach.de\/wp-content\/uploads\/2022\/06\/Aussengela\u0308nde-1152x1536.jpeg 1152w, https:\/\/www.kita-dammbach.de\/wp-content\/uploads\/2022\/06\/Aussengela\u0308nde-1536x2048.jpeg 1536w, https:\/\/www.kita-dammbach.de\/wp-content\/uploads\/2022\/06\/Aussengela\u0308nde-600x800.jpeg 600w, https:\/\/www.kita-dammbach.de\/wp-content\/uploads\/2022\/06\/Aussengela\u0308nde-scaled.jpeg 1920w\" sizes=\"auto, (max-width: 768px) 100vw, 768px\" \/><\/figure><\/li><li class=\"blocks-gallery-item\"><figure><img loading=\"lazy\" decoding=\"async\" width=\"768\" height=\"1024\" src=\"https:\/\/www.kita-dammbach.de\/wp-content\/uploads\/2022\/06\/Aussengela\u0308nde-2-768x1024.jpeg\" alt=\"\" data-id=\"403\" data-full-url=\"https:\/\/www.kita-dammbach.de\/wp-content\/uploads\/2022\/06\/Aussengela\u0308nde-2.jpeg\" data-link=\"https:\/\/www.kita-dammbach.de\/aussengela%cc%88nde-2\/\" class=\"wp-image-403\" srcset=\"https:\/\/www.kita-dammbach.de\/wp-content\/uploads\/2022\/06\/Aussengela\u0308nde-2-768x1024.jpeg 768w, https:\/\/www.kita-dammbach.de\/wp-content\/uploads\/2022\/06\/Aussengela\u0308nde-2-225x300.jpeg 225w, https:\/\/www.kita-dammbach.de\/wp-content\/uploads\/2022\/06\/Aussengela\u0308nde-2-1152x1536.jpeg 1152w, https:\/\/www.kita-dammbach.de\/wp-content\/uploads\/2022\/06\/Aussengela\u0308nde-2-600x800.jpeg 600w, https:\/\/www.kita-dammbach.de\/wp-content\/uploads\/2022\/06\/Aussengela\u0308nde-2.jpeg 1210w\" sizes=\"auto, (max-width: 768px) 100vw, 768px\" \/><\/figure><\/li><\/ul><\/figure>\n\n\n\n<p><\/p>\n\n\n\n<p class=\"has-text-align-center\"><strong>Hinweis f\u00fcr Mobilansicht: F\u00fcr Aktuelles aus der Kita bitte ganz nach unten scrollen!<\/strong><\/p>\n\n\n\n<p><\/p>\n\n\n\n<p><a name=\"nachoben\"><span class=\"has-inline-color has-blue-color\"><b>\u00dcber<\/b><\/span><\/a><b><span class=\"has-inline-color has-blue-color\"> <\/span>uns<\/b><\/p>\n\n\n\n<p> \u2022 <a href=\"#leitbild\"><b>Leitbild<\/b><\/a><br> \u2022 <a href=\"#struktur\"><b>R\u00e4umliche Struktur<\/b><\/a><br> \u2022 <a href=\"#rechtlich\"><b>Unsere rechtlichen Auftr\u00e4ge<\/b><\/a><br> \u2022 <a href=\"#orientierung\"><b>Orientierung und Prinzipien<\/b><\/a><br> \u2022 <a href=\"#ausrichtung\"><b>Ausrichtung<\/b><\/a><\/p>\n\n\n\n<p><\/p>\n\n\n\n<p><a name=\"leitbild\"><b>Leitbild<\/b><\/a><\/p>\n\n\n\n<p>\n\n\nAls katholische Kindertageseinrichtung nehmen wir einen kirchlichen und staatlichen\nBildungsauftrag wahr. Unsere religi\u00f6sen Leitgedanken begleiten uns im\np\u00e4dagogischen Alltag und orientieren sich am christlichen Menschenbild:<\/p>\n\n\n\n<p> \u2022 <b>Glaube ist wertvoll<\/b><br> Gottes guter Geist ist \u00fcberall. Durch ihn finden wir Kraft und Orientierung, er zeigt uns den richtigen Weg.<\/p>\n\n\n\n<p> \u2022 <b>Ort der Begegnung und Gemeinschaft<\/b><br> Wir gestalten unsere p\u00e4dagogische Arbeit aus der \u00dcberzeugung heraus, dass jedes Kind ein Gesch\u00f6pf Gottes <br> ist \u2013 geliebt und einzigartig. Deshalb sind alle Kinder und ihre Familien bei uns willkommen, unabh\u00e4ngig davon, welcher Religion, Kultur oder Nationalit\u00e4t sie angeh\u00f6ren oder in welcher Lebenssituation sie sich befinden.<\/p>\n\n\n\n<p> \u2022 <b>Christliche Werte und Wertebewusstsein<\/b><br> Wir vermitteln christliche Grundwerte, die durch Vorbilder im Alltag, im Feiern von christlichen Festen und im r\u00fccksichtsvollen und solidarischen Umgang miteinander erfahrbar werden.<\/p>\n\n\n\n<p> \u2022 <b>Hohe Wertsch\u00e4tzung der Familie<\/b><br> Unsere Einrichtung ist ein Ort, an dem Eltern begleitende Unterst\u00fctzung bei der Erziehung ihrer Kinder erhalten. Auf diese Weise soll auch die hohe Wertsch\u00e4tzung der Familie zum Ausdruck kommen.<\/p>\n\n\n\n<p> \u2022 <b>Lebendiger Teil der Kirche<\/b><br> Wir feiern mit den Kindern die unterschiedlichen Feste des Kirchenjahres und beteiligen uns immer wieder an den \u00f6rtlichen Gottesdiensten. Auch Feiertage und Feste aus anderen Religionen werden bei Bedarf gezielt thematisiert.<\/p>\n\n\n\n<figure class=\"wp-block-image size-large\"><img loading=\"lazy\" decoding=\"async\" width=\"1024\" height=\"647\" src=\"https:\/\/www.kita-dammbach.de\/wp-content\/uploads\/2024\/08\/kita_logo_webgrafik-1024x647.png\" alt=\"\" class=\"wp-image-808\" srcset=\"https:\/\/www.kita-dammbach.de\/wp-content\/uploads\/2024\/08\/kita_logo_webgrafik-1024x647.png 1024w, https:\/\/www.kita-dammbach.de\/wp-content\/uploads\/2024\/08\/kita_logo_webgrafik-300x189.png 300w, https:\/\/www.kita-dammbach.de\/wp-content\/uploads\/2024\/08\/kita_logo_webgrafik-768x485.png 768w, https:\/\/www.kita-dammbach.de\/wp-content\/uploads\/2024\/08\/kita_logo_webgrafik-1536x970.png 1536w, https:\/\/www.kita-dammbach.de\/wp-content\/uploads\/2024\/08\/kita_logo_webgrafik-2048x1293.png 2048w, https:\/\/www.kita-dammbach.de\/wp-content\/uploads\/2024\/08\/kita_logo_webgrafik-600x379.png 600w\" sizes=\"auto, (max-width: 1024px) 100vw, 1024px\" \/><\/figure>\n\n\n\n<p><\/p>\n\n\n\n<p><a href=\"#nachoben\">\u2191 Nach oben, \u00dcbersicht<\/a><\/p>\n\n\n\n<p><a name=\"struktur\"><b>R\u00e4umliche Struktur<\/b><\/a><\/p>\n\n\n\n<p> In unserer Einrichtung gibt es eine Krippengruppe und drei Kindergartengruppen<\/p>\n\n\n\n<p><b>Krippe<\/b><br> \u2022 Gruppenraum mit direkt zug\u00e4nglichem <br> &nbsp;&nbsp;Wickelbereich<br> \u2022 Eigener Zugang zum Garten<br> \u2022 Angrenzender Schlafraum<br> \u2022 Krippengarderobe<br> \u2022 Sanit\u00e4rbereich Krippe <\/p>\n\n\n\n<p><b>Kindergarten<\/b><br> \u2022 Zwei Gruppenr\u00e4ume mit Nebenzimmer und K\u00fcchenzeile im Hauptgeb\u00e4ude und ein Gruppenraum im vorgelagerten Kindergarten Container f\u00fcr die Naturgruppe<br> \u2022 Gemeinsam genutzter Sanit\u00e4rbereich Kindergarten<\/p>\n\n\n\n<p><b>Gemeinsame Nutzung<\/b><br> \u2022 Turnraum mit B\u00e4llebad<br> \u2022 B\u00fcro<br> \u2022 K\u00fcche <\/p>\n\n\n\n<p><\/p>\n\n\n\n<p><b>Unser Au\u00dfengel\u00e4nde<\/b><br>\n\nAuf unserem gro\u00dfz\u00fcgigen Au\u00dfengel\u00e4nde haben die Kinder viele unterschiedliche\nM\u00f6glichkeiten sich zu bewegen:<\/p>\n\n\n\n<p> \u2022 Sandkasten<br> \u2022 Kletterger\u00fcst mit Sandaufzug<br> \u2022 Augusthaus mit Rutsche und Rutschstange<br> \u2022 Holzbaustelle<br> \u2022 M\u00f6glichkeiten zum R\u00e4dchen und Roller fahren<br> \u2022 Spielh\u00fcgel<br> \u2022 Schaukel<br> \u2022 Platz zum Toben und Verstecken<br> \u2022 Sitzm\u00f6glichkeiten<br> \u2022 \u00dcberdachte Halle (Unterstand bei Regen)<br> \u2022 Abgegrenzter Au\u00dfenspielbereich U3 (Kinder <br> &nbsp;&nbsp;unter drei) mit Sandkasten, Spielhaus und Sonnensegel <\/p>\n\n\n\n<p><a href=\"#nachoben\">\u2191 Nach oben, \u00dcbersicht<\/a><\/p>\n\n\n\n<p><a name=\"rechtlich\"><b>Unsere rechtlichen Auftr\u00e4ge: Bildung, Erziehung, Betreuung und Kinderschutz<\/b><\/a><\/p>\n\n\n\n<p>\n\nMit unserem Angebot orientieren wir uns an folgenden gesetzlichen Grundlagen:<\/p>\n\n\n\n<p> \u2022 Bayerisches Kinderbildungs- und Betreuungsgesetz (BayKiBiG) mit seiner Ausf\u00fchrungsverordnung (Grundlagen f\u00fcr die Bildung, Erziehung und Betreuung von Kindern in Kindertageseinrichtungen), verbindlichen Bildungs- und Erziehungszielen und F\u00f6rderkriterien f\u00fcr eine kommunale und staatliche F\u00f6rderung (z.B. BayKiBiG Art. 9a Kinderschutz, Art. 19 F\u00f6rdervoraussetzungen)<\/p>\n\n\n\n<p> \u2022 UN-Kinderrechtskonvention (KRK) (z.B. Artikel 28 &#8211; Recht des Kindes auf Bildung)<\/p>\n\n\n\n<p> \u2022 SGB VIII Grundlagen der F\u00f6rderung in der Kindertagespflege und in Kindertageseinrichtungen (z.B. \u00a7 22 Grunds\u00e4tze der F\u00f6rderung, \u00a78a Schutzauftrag bei Kindeswohlgef\u00e4hrdung)<\/p>\n\n\n\n<p> \u2022 Sonstige Gesetzesvorlagen (z.B. Infektionsschutzgesetz, Datenschutzgesetz, Lebensmittelhygieneverordnung, etc.)<\/p>\n\n\n\n<p><b>Unsere curricularen Bezugs- und Orientierungsrahmen<\/b><\/p>\n\n\n\n<p> Neben den gesetzlichen Grundlagen sind f\u00fcr die p\u00e4dagogische Arbeit in der Kindertageseinrichtung folgende curricularen Vorgaben unerl\u00e4sslich:<br> \u2022 Bayerische Leitlinien f\u00fcr die Bildung und Erziehung von Kindern bis zum Ende der Grundschulzeit (BayBL)<br> \u2022 Bayerischer Bildungs- und Erziehungsplan (BayBEP)<br> \u2022 Zugeh\u00f6rige Handreichung f\u00fcr die unter Dreij\u00e4hrigen (BayBEP U3 Handreichung)<\/p>\n\n\n\n<p>\n\n\nDiese curricularen Vorgaben geben uns Orientierung und konkrete\nHandlungsanweisungen f\u00fcr die Praxis.\n\n<\/p>\n\n\n\n<p><a href=\"#nachoben\">\u2191 Nach oben, \u00dcbersicht<\/a><\/p>\n\n\n\n<p><a name=\"orientierung\"><b>Orientierung und Prinzipien unseres Handelns<\/b><\/a><b><br><br>\n\nUnser Menschenbild: Bild vom Kind<\/b><\/p>\n\n\n\n<p><i>\n&#8222;Nimm ein Kind an die Hand und lass dich von ihm f\u00fchren. Betrachte die Steine, die\nes aufhebt und h\u00f6re zu, was es dir erz\u00e4hlt. Zur Belohnung zeigt es dir eine Welt, die\ndu l\u00e4ngst vergessen hast.&#8220;<\/i><br>\nWerner Bethmann<\/p>\n\n\n\n<p><b>Wir sehen das Kind als&#8230;<\/b><br> \u2022 Kompetentes Individuum<br> \u2022 Einzigartiges Wesen<br> \u2022 Charakterstarken Menschen<br> \u2022 Sensibles Wesen<br> \u2022 Sozialgebundenes Mitglied seiner Umwelt<br> \u2022  Phantasievollen und kreativen Menschen<br> \u2022  Besitzer einer eigenst\u00e4ndigen Pers\u00f6nlichkeit<\/p>\n\n\n\n<p><b>Wir begegnen dem Kind mit&#8230;<\/b><br> \u2022 Akzeptanz<br> \u2022 Toleranz<br> \u2022 Empathie<br> \u2022 Respekt<br> \u2022 Achtsamkeit<br> \u2022 Geduld<br> \u2022 Feinf\u00fchligkeit<\/p>\n\n\n\n<p><b>Das Kind wird&#8230;<\/b><br>\n&#8230;eine eigenst\u00e4ndige Pers\u00f6nlichkeit<br>\n&#8230;einzigartig<br>\n&#8230;offen f\u00fcr neue Erfahrungen<br>\n&#8230;kreativ<br>\n&#8230;aktiv<br>\n&#8230;wissbegierig, m\u00f6chte die Welt erforschen und begreifen<br>\n&#8230;fr\u00f6hlich<br>\n&#8230;von Gott gewollt und geliebt<br>\n&#8230;bewegungsfreudig<br>\n&#8230;experimentierfreudig, m\u00f6chte eigene Erfahrungen machen<br>\n&#8230;spontan<br>\n&#8230;neugierig<br>\n&#8230;Akteur seiner Entwicklung\n\n<\/p>\n\n\n\n<p><a href=\"#nachoben\">\u2191 Nach oben, \u00dcbersicht<\/a><\/p>\n\n\n\n<p><a name=\"ausrichtung\"><b>Unsere p\u00e4dagogische Haltung, Rolle und Ausrichtung<\/b><\/a><\/p>\n\n\n\n<p>\n\nNeben dem Bild vom Kind und dem Verst\u00e4ndnis von Bildung und Lernen, spielt die\nHaltung der P\u00e4dagogen\/-innen f\u00fcr den Erfolg von Bildungsprozessen eine zentrale\nRolle. Unsere eigene Haltung bildet die Grundlage f\u00fcr alle p\u00e4dagogischen\nMa\u00dfnahmen und die Interaktion mit den Kindern, Eltern und Kollegen. Da wir uns\nbewusst sind, dass sich unsere individuelle Haltung, \u00c4u\u00dferungen und\nVerhaltensweisen von Kindern unterschiedlich interpretieren lassen, ist f\u00fcr uns ein\nregelm\u00e4\u00dfiger Austausch und die damit verbundene Reflexion der eigenen Haltung\nunerl\u00e4sslich.<\/p>\n\n\n\n<p><b>Das ist uns besonders wichtig:<\/b><br> \u2022 Wir ermutigen, tr\u00f6sten und loben.<br> \u2022 Wir gestalten die Begr\u00fc\u00dfung und <br> &nbsp;&nbsp;Verabschiedung einf\u00fchlsam.<br> \u2022 Wir h\u00f6ren zu und nehmen die Fragen <br> &nbsp;&nbsp;der Kinder ernst.<br> \u2022 Wir beziehen Kinder bewusst in <br> &nbsp;&nbsp;Entscheidungsprozesse ein.<br> \u2022 Wir geben Sicherheit und Orientierung <br> &nbsp;&nbsp;durch Regeln und Struktur.<br> \u2022 Wir nehmen jedes Kind in seiner Individualit\u00e4t <br> &nbsp;&nbsp;an und haben ein offenes Ohr.<br> \u2022 Wir sind offene und verl\u00e4ssliche <br> &nbsp;&nbsp;Erziehungspartner und Bezugspersonen.<br> \u2022 Wir geben nur soviel Hilfe wie n\u00f6tig und so <br> &nbsp;&nbsp;wenig Hilfe wie m\u00f6glich.<br> \u2022 Wir schaffen anregende R\u00e4ume und bieten <br> &nbsp;&nbsp;vielf\u00e4ltiges Material, das Kindern<br> &nbsp;&nbsp;Raum gibt und sie zum Entdecken und <br> &nbsp;&nbsp;forschen einl\u00e4dt.<br> \u2022 Wir stehen als Spielpartner zur Verf\u00fcgung, <br> &nbsp;&nbsp;beobachten und geben Impulse.<br> \u2022 Wir sind uns unserer Vorbildfunktion bewusst.<br> \u2022 Wir unterst\u00fctzen uns gegenseitig und <br> &nbsp;&nbsp;tauschen unsere Erfahrungen aus.<br> \u2022 Wir entdecken mit den Kindern die Welt <br> &nbsp;&nbsp;und halten Ausschau nach dem Regenbogen!<\/p>\n\n\n\n<p><i>Die Arbeit l\u00e4uft Dir nicht davon,<br>\nwenn Du Deinem Kind den Regenbogen zeigst.<br>\nAber der Regenbogen wartet nicht,<br>\nbis Du mit der Arbeit fertig bist.<\/i><br>\n(Altes chinesisches Sprichwort)\n\n<\/p>\n\n\n\n<p><a href=\"#nachoben\">\u2191 Nach oben, \u00dcbersicht<\/a><\/p>\n\n\n\n<p><\/p>\n","protected":false},"excerpt":{"rendered":"<p>Hinweis f\u00fcr Mobilansicht: F\u00fcr Aktuelles aus der Kita bitte ganz nach unten scrollen! \u00dcber uns \u2022 Leitbild \u2022 R\u00e4umliche Struktur \u2022 Unsere rechtlichen Auftr\u00e4ge \u2022 Orientierung und Prinzipien \u2022 Ausrichtung Leitbild Als katholische Kindertageseinrichtung nehmen wir einen kirchlichen und staatlichen Bildungsauftrag wahr. Unsere religi\u00f6sen Leitgedanken begleiten uns im p\u00e4dagogischen Alltag und orientieren sich am christlichen&#8230;<\/p>\n","protected":false},"author":1,"featured_media":0,"parent":0,"menu_order":0,"comment_status":"closed","ping_status":"closed","template":"","meta":{"footnotes":""},"class_list":["post-14","page","type-page","status-publish","hentry"],"_links":{"self":[{"href":"https:\/\/www.kita-dammbach.de\/index.php\/wp-json\/wp\/v2\/pages\/14","targetHints":{"allow":["GET"]}}],"collection":[{"href":"https:\/\/www.kita-dammbach.de\/index.php\/wp-json\/wp\/v2\/pages"}],"about":[{"href":"https:\/\/www.kita-dammbach.de\/index.php\/wp-json\/wp\/v2\/types\/page"}],"author":[{"embeddable":true,"href":"https:\/\/www.kita-dammbach.de\/index.php\/wp-json\/wp\/v2\/users\/1"}],"replies":[{"embeddable":true,"href":"https:\/\/www.kita-dammbach.de\/index.php\/wp-json\/wp\/v2\/comments?post=14"}],"version-history":[{"count":23,"href":"https:\/\/www.kita-dammbach.de\/index.php\/wp-json\/wp\/v2\/pages\/14\/revisions"}],"predecessor-version":[{"id":856,"href":"https:\/\/www.kita-dammbach.de\/index.php\/wp-json\/wp\/v2\/pages\/14\/revisions\/856"}],"wp:attachment":[{"href":"https:\/\/www.kita-dammbach.de\/index.php\/wp-json\/wp\/v2\/media?parent=14"}],"curies":[{"name":"wp","href":"https:\/\/api.w.org\/{rel}","templated":true}]}}